
{"id":398,"date":"2016-02-16T12:25:44","date_gmt":"2016-02-16T11:25:44","guid":{"rendered":"https:\/\/przedszkole121.edu.wroclaw.pl\/?page_id=398"},"modified":"2024-02-11T18:25:42","modified_gmt":"2024-02-11T17:25:42","slug":"sukcesy","status":"publish","type":"page","link":"https:\/\/przedszkole121.edu.wroclaw.pl\/index.php\/strona-glowna\/sukcesy\/","title":{"rendered":"Sukcesy"},"content":{"rendered":"<div class=\"wpb-content-wrapper\"><p>[vc_row][vc_column][vc_column_text css_animation=&#8221;top-to-bottom&#8221;]Pochwali\u0107 si\u0119 mo\u017cemy licznymi nagrodami o zasi\u0119gu mi\u0119dzynarodowym , og\u00f3lnopolskim , dolno\u015bl\u0105skim. Bierzemy udzia\u0142 tak\u017ce w wielu konkursach proponowanych przez liczne organizacje , instytucje Wroc\u0142awia.<\/p>\n<p>Zajmujemy czo\u0142owe miejsca w konkursach plastycznych, tanecznych ,teatralnych. Nasze przedszkolaki pr\u00f3buj\u0105 swoich si\u0142 w konkurencjach szachowych, matematycznych, recytatorskich, przyrodniczych.<\/p>\n<table style=\"width: 44%;height: 3462px\" width=\"545\">\n<tbody>\n<tr>\n<td width=\"177\"><strong>Tytu\u0142 konkursu<\/strong><\/td>\n<td width=\"95\"><strong>Uczestnicy<\/strong><\/td>\n<td width=\"274\"><strong>Organizator, zakres konkursu<\/strong><\/td>\n<\/tr>\n<tr>\n<td width=\"177\"><strong>\u201eIlustracje do dzie\u0142 Aleksandra Hrabiego Fredry\u201d<\/strong><\/td>\n<td width=\"95\"><strong>3 osoby<\/strong><\/td>\n<td width=\"274\"><strong>MDK P\u0142ock<\/strong><\/p>\n<p><strong>og\u00f3lnopolski<\/strong><\/p>\n<p><strong>\u00a0<\/strong><\/td>\n<\/tr>\n<tr>\n<td width=\"177\"><strong>\u201eM\u00f3j dom, moje miasto , moja ojczyzna\u201d<\/strong><\/p>\n<p><strong>\u00a0<\/strong><\/td>\n<td width=\"95\"><strong>2 osoby<\/strong><\/td>\n<td width=\"274\"><strong>NSZZ Solidarnos\u0107 \u2013 sekcja O\u015bwiaty<\/strong><\/p>\n<p><strong>Regionalny<\/strong><\/td>\n<\/tr>\n<tr>\n<td width=\"177\"><strong>\u201eInne spojrzenie\u201d<\/strong><\/td>\n<td width=\"95\"><strong>2 osoby<br \/>\n<\/strong><\/td>\n<td width=\"274\"><strong>Ognisko pracy pozaszkolnej w Sosnowcu<\/strong><\/p>\n<p><strong>mi\u0119dzynarodowy<\/strong><\/td>\n<\/tr>\n<tr>\n<td width=\"177\"><strong>\u201eKarta Bo\u017conarodzeniowa\u201d<\/strong><\/td>\n<td width=\"95\"><strong>4 osoby<\/strong><\/td>\n<td width=\"274\"><strong>Oravskie Kulturalne Strdisko v Dolnom Kubinie<\/strong><\/p>\n<p><strong>mi\u0119dzynarodowy<\/strong><\/td>\n<\/tr>\n<tr>\n<td width=\"177\"><strong>\u201eAnio\u0142y mu\u015bni\u0119cie skrzyde\u0142\u201d<\/strong><\/td>\n<td width=\"95\"><strong>5 os\u00f3b<\/strong><\/td>\n<td width=\"274\"><strong>Wa\u0142brzyski Dom Kultury<\/strong><\/p>\n<p><strong>og\u00f3lnopolski<\/strong><\/td>\n<\/tr>\n<tr>\n<td width=\"177\"><strong>Parki narodowe w Polsce oraz gatunki zwierz\u0105t i ro\u015blin chronionych<\/strong><\/td>\n<td width=\"95\"><strong>5 os\u00f3b<\/strong><\/td>\n<td width=\"274\"><strong>Miejski dom Kultury<\/strong><\/p>\n<p><strong>og\u00f3lnopolski<\/strong><\/td>\n<\/tr>\n<tr>\n<td width=\"177\"><strong>\u201eChoinki jedynki\u201d-symbole \u015bwi\u0105t<\/strong><\/td>\n<td width=\"95\"><strong>5 os\u00f3b<\/strong><\/td>\n<td width=\"274\"><strong>Polskie Radio Program Pierwszy<\/strong><\/p>\n<p><strong>og\u00f3lnopolski<\/strong><\/td>\n<\/tr>\n<tr>\n<td width=\"177\"><strong>Wroc\u0142awskie Graffiti\u201d<\/strong><\/td>\n<td width=\"95\"><strong>8 os\u00f3b<\/strong><\/p>\n<p><strong>\u00a0<\/strong><\/td>\n<td width=\"274\"><strong>Przedszkole nr 99<\/strong><\/td>\n<\/tr>\n<tr>\n<td width=\"177\"><strong>\u201e Magia ro\u015blin-drzewo\u201d<\/strong><\/td>\n<td width=\"95\"><strong>3 osoby<\/strong><\/td>\n<td width=\"274\"><strong>MDK Wroc\u0142aw \u015ar\u00f3dmie\u015bcie<\/strong><\/p>\n<p><strong>og\u00f3lnopolski<\/strong><\/td>\n<\/tr>\n<tr>\n<td width=\"177\"><strong>\u201eAnielskie bo\u017ce Narodzenie\u201d<\/strong><\/p>\n<p>&nbsp;<\/p>\n<p>&nbsp;<\/p>\n<p>&nbsp;<\/p>\n<p>&nbsp;<\/td>\n<td width=\"95\"><strong>2 osoby<\/strong><\/td>\n<td width=\"274\"><strong>MDK Wroc\u0142aw \u015ar\u00f3dmie\u015bcie<\/strong><\/p>\n<p><strong>og\u00f3lnopolski<\/strong><\/td>\n<\/tr>\n<tr>\n<td width=\"177\"><strong>\u201e Magiczny czas \u2013projekt kartki pocztowej o tematyce \u015bwi\u0105tecznej i zimowej\u201d<\/strong><\/td>\n<td width=\"95\"><strong>6 os\u00f3b<\/strong><\/td>\n<td width=\"274\"><strong>Muzeum Poczty i Telekomunikacji<\/strong><\/p>\n<p><strong>Wroc\u0142aw<\/strong><\/p>\n<p><strong>regionalny<\/strong><\/td>\n<\/tr>\n<tr>\n<td width=\"177\"><strong>\u201e Najpi\u0119kniejsza szopka bo\u017conarodzeniowa\u201d<\/strong><\/td>\n<td width=\"95\"><strong>5 os\u00f3b<\/strong><\/td>\n<td width=\"274\"><strong>P-107 Wroc\u0142aw<\/strong><\/td>\n<\/tr>\n<tr>\n<td width=\"177\"><strong>\u201eOkolica, w kt\u00f3rej mieszkam-las wok\u00f3\u0142 nas\u201d<\/strong><\/td>\n<td width=\"95\"><strong>3 osoby<\/strong><\/td>\n<td width=\"274\"><strong>Gminne Centrum Kultury Bia\u0142e B\u0142ota<\/strong><\/p>\n<p><strong>og\u00f3lnopolski<\/strong><\/td>\n<\/tr>\n<tr>\n<td width=\"177\"><strong>\u201eWroc\u0142awska d\u017cungla\u201d<\/strong><\/td>\n<td width=\"95\"><strong>2 osoby<\/strong><\/td>\n<td width=\"274\"><strong>SP nr 107 Wroc\u0142aw<\/strong><\/td>\n<\/tr>\n<tr>\n<td width=\"177\"><strong>\u201eSamoch\u00f3d marze\u0144- THE 9te toyota dream Car.Art.contest<\/strong><\/td>\n<td width=\"95\"><strong>4 osoby<\/strong><\/td>\n<td width=\"274\"><strong>Toyota motor Poland<\/strong><\/td>\n<\/tr>\n<tr>\n<td width=\"177\"><strong>\u201eSiedem grzech\u00f3w g\u0142\u00f3wnych\u201d<\/strong><\/td>\n<td width=\"95\"><strong>3 osoby<\/strong><\/td>\n<td width=\"274\"><strong>Pa\u0142ac Kultury Zag\u0142\u0119bie-<\/strong><\/p>\n<p><strong>og\u00f3lnopolski<\/strong><\/td>\n<\/tr>\n<tr>\n<td width=\"177\"><strong>\u201eBajkowy Las\u201d<\/strong><\/td>\n<td width=\"95\"><strong>1 osoba<\/strong><\/td>\n<td width=\"274\"><strong>Szko\u0142a g\u0142\u00f3wna gospodarstwa wiejskiego w Warszawie<\/strong><\/p>\n<p><strong>og\u00f3lnopolski<\/strong><\/td>\n<\/tr>\n<tr>\n<td width=\"177\"><strong>\u201eSkrzydlaci Przyjaciele\u201d<\/strong><\/td>\n<td width=\"95\"><strong>8 osoby<\/strong><\/td>\n<td width=\"274\"><strong>Samorz\u0105dowe Przedszkole nr 64 \u201eAkademia Jasia i Ma\u0142gosi\u201d<\/strong><\/p>\n<p><strong>mi\u0119dzynarodowy<\/strong><\/td>\n<\/tr>\n<tr>\n<td width=\"177\"><strong>\u201e Zabierze mnie tam wyobra\u017ania- niesamowite zwierzaki\u201d<\/strong><\/td>\n<td width=\"95\"><strong>2 osoby<\/strong><\/td>\n<td width=\"274\"><strong>Miejski O\u015brodek Kultury w G\u0142ownie<\/strong><\/p>\n<p><strong>Og\u00f3lnopolski<\/strong><\/p>\n<p><strong>\u00a0<\/strong><\/td>\n<\/tr>\n<tr>\n<td width=\"177\"><strong>Og\u00f3lnopolski Konkurs Plastyczny Dzieci i M\u0142odzie\u017cy<\/strong><\/p>\n<p><strong>\u201e Szlakiem Orlich Gniazd\u201d<\/strong><\/td>\n<td width=\"95\"><strong>5 os\u00f3b<\/strong><\/td>\n<td width=\"274\"><strong>MDK Cz\u0119stochowa<\/strong><\/p>\n<p><strong>og\u00f3lnopolski<\/strong><\/td>\n<\/tr>\n<tr>\n<td width=\"177\"><strong>\u201eZawsze zielono , zawsze niebiesko\u201d<\/strong><\/td>\n<td width=\"95\"><strong>2 osoby<\/strong><\/td>\n<td width=\"274\"><strong>Galeria i O\u015brodek Plastycznej Tw\u00f3rczo\u015bci Dziecka w Toruniu<\/strong><\/p>\n<p><strong>mi\u0119dzynarodowy<\/strong><\/td>\n<\/tr>\n<tr>\n<td width=\"177\"><strong>\u201eMagiczny Sopot\u201d<\/strong><\/td>\n<td width=\"95\"><strong>3 osoby<\/strong><\/td>\n<td width=\"274\"><strong>M\u0142odzie\u017cowy Dom Kultury w Sopocie<\/strong><\/p>\n<p><strong>og\u00f3lnopolski<\/strong><\/td>\n<\/tr>\n<tr>\n<td width=\"177\"><strong>\u201e Cz\u0142owiek w ruchu\u201d<\/strong><\/td>\n<td width=\"95\"><strong>7 os\u00f3b<\/strong><\/td>\n<td width=\"274\"><strong>M\u0142odzie\u017cowy Dom Kultury w Pabianicach<\/strong><\/p>\n<p><strong>og\u00f3lnopolski<\/strong><\/td>\n<\/tr>\n<tr>\n<td width=\"177\"><strong>\u201eWroc\u0142aw widziany oczami dziecka\u201d<\/strong><\/td>\n<td width=\"95\"><strong>2 osoby<\/strong><\/td>\n<td width=\"274\"><strong>Przedszkole nr 84<\/strong><\/td>\n<\/tr>\n<tr>\n<td width=\"177\"><strong>\u201eM\u00f3j przyjaciel ma cztery \u0142apy\u201d<\/strong><\/td>\n<td width=\"95\"><strong>5 os\u00f3b<\/strong><\/td>\n<td width=\"274\"><strong>SP nr 22 we Wroc\u0142awiu<\/strong><\/td>\n<\/tr>\n<tr>\n<td width=\"177\"><strong>\u201eNajpi\u0119kniejsza jest moja ojczyzna\u201d<\/strong><\/td>\n<td width=\"95\"><strong>5 os\u00f3b<\/strong><\/td>\n<td width=\"274\"><strong>Pa\u0142ac M\u0142odzie\u017cy w Katowicach<\/strong><\/p>\n<p><strong>og\u00f3lnopolski<\/strong><\/td>\n<\/tr>\n<tr>\n<td width=\"177\"><strong>\u201eMoja przygoda w Muzeum\u201d<\/strong><\/td>\n<td width=\"95\"><strong>6 os\u00f3b<\/strong><\/td>\n<td width=\"274\"><strong>Muzeum Okr\u0119gowe w Toruniu<\/strong><\/p>\n<p><strong>mi\u0119dzynarodow<\/strong><strong>y<\/strong><\/td>\n<\/tr>\n<tr>\n<td width=\"177\"><strong>\u201eJa ty My obywatele Europy\u201d<\/strong><\/td>\n<td width=\"95\"><strong>1 osoba<\/strong><\/td>\n<td width=\"274\"><strong>MDK Katowice<\/strong><\/p>\n<p><strong>og\u00f3lnopolski<\/strong><\/td>\n<\/tr>\n<tr>\n<td width=\"177\"><strong>\u201eRowerowy zawr\u00f3t g\u0142owy\u201d<\/strong><\/td>\n<td width=\"95\"><strong>4 osoby<\/strong><\/td>\n<td width=\"274\"><strong>SP 118 mi\u0119dzynarodowy<\/strong><\/td>\n<\/tr>\n<tr>\n<td width=\"177\"><strong>\u201ePark w czterech porach roku\u201d<\/strong><\/td>\n<td width=\"95\"><strong>1<\/strong><\/td>\n<td width=\"274\"><strong>SP 115 Wroc\u0142aw<\/strong><\/td>\n<\/tr>\n<tr>\n<td width=\"177\"><\/td>\n<td width=\"95\"><\/td>\n<td width=\"274\"><\/td>\n<\/tr>\n<\/tbody>\n<\/table>\n<p>[\/vc_column_text][\/vc_column][\/vc_row]<\/p>\n<\/div>","protected":false},"excerpt":{"rendered":"<p>[vc_row][vc_column][vc_column_text css_animation=&#8221;top-to-bottom&#8221;]Pochwali\u0107 si\u0119 mo\u017cemy licznymi nagrodami o zasi\u0119gu mi\u0119dzynarodowym , og\u00f3lnopolskim , dolno\u015bl\u0105skim. Bierzemy udzia\u0142 tak\u017ce w wielu konkursach proponowanych przez liczne organizacje , instytucje Wroc\u0142awia. Zajmujemy czo\u0142owe miejsca w [&hellip;]<\/p>\n","protected":false},"author":15,"featured_media":0,"parent":15,"menu_order":0,"comment_status":"closed","ping_status":"closed","template":"","meta":{"ngg_post_thumbnail":0,"footnotes":""},"class_list":["post-398","page","type-page","status-publish","hentry","clearfix"],"_links":{"self":[{"href":"https:\/\/przedszkole121.edu.wroclaw.pl\/index.php\/wp-json\/wp\/v2\/pages\/398","targetHints":{"allow":["GET"]}}],"collection":[{"href":"https:\/\/przedszkole121.edu.wroclaw.pl\/index.php\/wp-json\/wp\/v2\/pages"}],"about":[{"href":"https:\/\/przedszkole121.edu.wroclaw.pl\/index.php\/wp-json\/wp\/v2\/types\/page"}],"author":[{"embeddable":true,"href":"https:\/\/przedszkole121.edu.wroclaw.pl\/index.php\/wp-json\/wp\/v2\/users\/15"}],"replies":[{"embeddable":true,"href":"https:\/\/przedszkole121.edu.wroclaw.pl\/index.php\/wp-json\/wp\/v2\/comments?post=398"}],"version-history":[{"count":4,"href":"https:\/\/przedszkole121.edu.wroclaw.pl\/index.php\/wp-json\/wp\/v2\/pages\/398\/revisions"}],"predecessor-version":[{"id":6307,"href":"https:\/\/przedszkole121.edu.wroclaw.pl\/index.php\/wp-json\/wp\/v2\/pages\/398\/revisions\/6307"}],"up":[{"embeddable":true,"href":"https:\/\/przedszkole121.edu.wroclaw.pl\/index.php\/wp-json\/wp\/v2\/pages\/15"}],"wp:attachment":[{"href":"https:\/\/przedszkole121.edu.wroclaw.pl\/index.php\/wp-json\/wp\/v2\/media?parent=398"}],"curies":[{"name":"wp","href":"https:\/\/api.w.org\/{rel}","templated":true}]}}